{"id":10104,"date":"2020-10-16T09:17:30","date_gmt":"2020-10-16T07:17:30","guid":{"rendered":"https:\/\/www.reven.de\/ventilation-ceilings\/"},"modified":"2026-08-20T11:41:02","modified_gmt":"2026-08-20T09:41:02","slug":"ventilation-ceilings","status":"publish","type":"page","link":"https:\/\/www.reven.de\/en\/sector-specific-solutions\/kitchen-ventilation-and-food-industry\/ventilation-ceilings\/","title":{"rendered":"Ventilation Ceilings"},"content":{"rendered":"<p>[et_pb_section fb_built=&#8221;1&#8243; admin_label=&#8221;Top Sektion&#8221; module_class=&#8221;mod_2_text_img bgr_1_hard_gradient mod_first_module_on_page&#8221; _builder_version=&#8221;4.16&#8243; da_disable_devices=&#8221;off|off|off&#8221; collapsed=&#8221;on&#8221; global_colors_info=&#8221;{}&#8221; da_is_popup=&#8221;off&#8221; da_exit_intent=&#8221;off&#8221; da_has_close=&#8221;on&#8221; da_alt_close=&#8221;off&#8221; da_dark_close=&#8221;off&#8221; da_not_modal=&#8221;on&#8221; da_is_singular=&#8221;off&#8221; da_with_loader=&#8221;off&#8221; da_has_shadow=&#8221;on&#8221;][et_pb_row column_structure=&#8221;1_2,1_2&#8243; _builder_version=&#8221;4.16&#8243; collapsed=&#8221;on&#8221; global_colors_info=&#8221;{}&#8221;][et_pb_column type=&#8221;1_2&#8243; _builder_version=&#8221;4.16&#8243; global_colors_info=&#8221;{}&#8221;][et_pb_text _builder_version=&#8221;4.16&#8243; global_colors_info=&#8221;{}&#8221;]<\/p>\n<h1>X-CYCLONE\u00ae Ventilation Ceilings<\/h1>\n<p style=\"font-size:20px;font-weight:500;line-height:26px;margin:0;\">Kitchen ventilation ceilings for the catering trade and the food industry<\/h3>\n<p>Our multi-functional ventilation ceilings are made of stainless steel and extend from wall to wall. They are designed and manufactured according to your site conditions. Thanks to the REVEN\u00ae control technology, the supply and exhaust airflow rates can be adjusted individually in the different cooking zones even with large ventilation ceilings. <\/p>\n<p>[\/et_pb_text][et_pb_code module_class=&#8221;button_inline&#8221; _builder_version=&#8221;4.24.2&#8243; locked=&#8221;off&#8221; global_colors_info=&#8221;{}&#8221;]<\/p>\n<div class=\"et_pb_button_module_wrapper\"><!-- [et_pb_line_break_holder] -->\t<a class=\"et_pb_button button_common_dark\" href=\"#contact_kitchen\" title=\"Arrange a consultation appointment!\">Get a consultation now<\/a><!-- [et_pb_line_break_holder] --><\/div>\n<p><!-- [et_pb_line_break_holder] --><\/p>\n<div class=\"et_pb_button_module_wrapper\"><!-- [et_pb_line_break_holder] -->\t<a class=\"et_pb_button button_common_light\" href=\"https:\/\/bim2.reven.de\/#\/home\/de\" target=\"_blank\" title=\"Configure an air supply or exhaust modul\" rel=\"noopener noreferrer\">Configurator<\/a><!-- [et_pb_line_break_holder] --><\/div>\n<p>[\/et_pb_code][\/et_pb_column][et_pb_column type=&#8221;1_2&#8243; _builder_version=&#8221;4.16&#8243; global_colors_info=&#8221;{}&#8221;][et_pb_image src=&#8221;https:\/\/www.reven.de\/wp-content\/uploads\/2020\/10\/lueftungsdecke-reven.png&#8221; alt=&#8221;Ventilation ceiling for the catering trade&#8221; title_text=&#8221;Ventilation Ceiling&#8221; _builder_version=&#8221;4.16&#8243; global_colors_info=&#8221;{}&#8221;][\/et_pb_image][\/et_pb_column][\/et_pb_row][\/et_pb_section][et_pb_section fb_built=&#8221;1&#8243; admin_label=&#8221;Bradcrumb Sektion&#8221; module_class=&#8221;mod_3_breadcrumb&#8221; _builder_version=&#8221;4.16&#8243; da_disable_devices=&#8221;off|off|off&#8221; collapsed=&#8221;on&#8221; global_colors_info=&#8221;{}&#8221; da_is_popup=&#8221;off&#8221; da_exit_intent=&#8221;off&#8221; da_has_close=&#8221;on&#8221; da_alt_close=&#8221;off&#8221; da_dark_close=&#8221;off&#8221; da_not_modal=&#8221;on&#8221; da_is_singular=&#8221;off&#8221; da_with_loader=&#8221;off&#8221; da_has_shadow=&#8221;on&#8221;][et_pb_row _builder_version=&#8221;4.16&#8243; global_colors_info=&#8221;{}&#8221;][et_pb_column type=&#8221;4_4&#8243; _builder_version=&#8221;4.16&#8243; global_colors_info=&#8221;{}&#8221;][et_pb_code _builder_version=&#8221;4.16&#8243; global_colors_info=&#8221;{}&#8221;]<span><span><a href=\"https:\/\/www.reven.de\/en\/\">Home<\/a><\/span><\/span>[\/et_pb_code][\/et_pb_column][\/et_pb_row][\/et_pb_section][et_pb_section fb_built=&#8221;1&#8243; admin_label=&#8221;Sektion Individuelle L\u00f6sungen&#8221; module_class=&#8221;mod_5_ti_voffset&#8221; _builder_version=&#8221;4.16&#8243; da_disable_devices=&#8221;off|off|off&#8221; locked=&#8221;off&#8221; collapsed=&#8221;on&#8221; global_colors_info=&#8221;{}&#8221; da_is_popup=&#8221;off&#8221; da_exit_intent=&#8221;off&#8221; da_has_close=&#8221;on&#8221; da_alt_close=&#8221;off&#8221; da_dark_close=&#8221;off&#8221; da_not_modal=&#8221;on&#8221; da_is_singular=&#8221;off&#8221; da_with_loader=&#8221;off&#8221; da_has_shadow=&#8221;on&#8221;][et_pb_row column_structure=&#8221;1_2,1_2&#8243; _builder_version=&#8221;4.16&#8243; collapsed=&#8221;on&#8221; global_colors_info=&#8221;{}&#8221;][et_pb_column type=&#8221;1_2&#8243; _builder_version=&#8221;4.16&#8243; global_colors_info=&#8221;{}&#8221;][et_pb_image src=&#8221;https:\/\/www.reven.de\/wp-content\/uploads\/2020\/10\/lueftungsdecke-main-forum.jpg&#8221; alt=&#8221;Ventilation Ceiling in the kitchen of the Main-Forum building&#8221; title_text=&#8221;Ventilation Ceiling in the kitchen of the Main-Forum building&#8221; _builder_version=&#8221;4.16&#8243; global_colors_info=&#8221;{}&#8221;][\/et_pb_image][\/et_pb_column][et_pb_column type=&#8221;1_2&#8243; _builder_version=&#8221;4.16&#8243; global_colors_info=&#8221;{}&#8221;][et_pb_text module_class=&#8221;hook_green&#8221; _builder_version=&#8221;4.16&#8243; global_colors_info=&#8221;{}&#8221;]<\/p>\n<p style=\"font-size:20px;font-weight:500;line-height:26px;margin:0;\">Tailored to your requirements<\/p>\n<h2>Our expertise concerning ventilation ceilings<\/h2>\n<ul>\n<li>For decades, REVEN has gained experience in the design, manufacturing, and installation of individually fabricated ventilation ceilings in compliance with DIN EN 16282.<\/li>\n<li>Thanks to the patented REVEN\u00ae Air-induction System, the exhaust air is driven to the separators of the <a href=\"https:\/\/www.reven.de\/2019\/08\/30\/design-kuechenlueftungsdecke\/\" title=\"Designer stainless steel kitchen ventilation ceilings, done differently\" data-wpil-monitor-id=\"282\">kitchen ventilation ceiling<\/a> instead of escaping into the room.<\/li>\n<li>Our patented high-grade X-CYCLONE\u00ae Separators are maintenance-free and extremely efficient with separating rates of up to 99.999 %.<\/li>\n<li>You have special requirements concerning space and the structure &#8211; we design the appropriate ventilation ceiling for you. And be sure that we can solve any problem in this respect! <\/li>\n<\/ul>\n<p>[\/et_pb_text][\/et_pb_column][\/et_pb_row][\/et_pb_section][et_pb_section fb_built=&#8221;1&#8243; admin_label=&#8221;Sektion CallToAction Kontakt&#8221; module_class=&#8221;mod_17_cta_contact&#8221; _builder_version=&#8221;4.25.1&#8243; background_enable_image=&#8221;off&#8221; da_disable_devices=&#8221;off|off|off&#8221; locked=&#8221;off&#8221; collapsed=&#8221;on&#8221; global_colors_info=&#8221;{}&#8221; da_is_popup=&#8221;off&#8221; da_exit_intent=&#8221;off&#8221; da_has_close=&#8221;on&#8221; da_alt_close=&#8221;off&#8221; da_dark_close=&#8221;off&#8221; da_not_modal=&#8221;on&#8221; da_is_singular=&#8221;off&#8221; da_with_loader=&#8221;off&#8221; da_has_shadow=&#8221;on&#8221;][et_pb_row column_structure=&#8221;1_2,1_2&#8243; _builder_version=&#8221;4.25.1&#8243; collapsed=&#8221;on&#8221; global_colors_info=&#8221;{}&#8221;][et_pb_column type=&#8221;1_2&#8243; _builder_version=&#8221;4.16&#8243; global_colors_info=&#8221;{}&#8221;][et_pb_image src=&#8221;https:\/\/www.reven.de\/wp-content\/uploads\/2024\/06\/contact-reven.png&#8221; alt=&#8221;Contact&#8221; title_text=&#8221;Contact us&#8221; disabled_on=&#8221;on|on|off&#8221; _builder_version=&#8221;4.25.1&#8243; transform_translate=&#8221;90px|0px&#8221; transform_translate_linked=&#8221;off&#8221; width=&#8221;340px&#8221; max_width=&#8221;340px&#8221; module_alignment=&#8221;right&#8221; global_colors_info=&#8221;{}&#8221;][\/et_pb_image][\/et_pb_column][et_pb_column type=&#8221;1_2&#8243; _builder_version=&#8221;4.16&#8243; global_colors_info=&#8221;{}&#8221;][et_pb_text _builder_version=&#8221;4.25.1&#8243; custom_padding=&#8221;100px||||false|false&#8221; custom_padding_tablet=&#8221;20px||||false|false&#8221; custom_padding_phone=&#8221;20px||||false|false&#8221; custom_padding_last_edited=&#8221;on|phone&#8221; custom_css_free_form=&#8221;selector a {color: white;}&#8221; global_colors_info=&#8221;{}&#8221;]<\/p>\n<p>Contact<\/p>\n<h4>Would you like more information?<br \/>\nWe provide you with competent and comprehensive advice.<\/h4>\n<p>[\/et_pb_text][et_pb_button button_url=&#8221;#contact_kitchen&#8221; button_text=&#8221;Contact us now&#8221; module_class=&#8221;button_common_light&#8221; _builder_version=&#8221;4.25.1&#8243; locked=&#8221;off&#8221; global_colors_info=&#8221;{}&#8221;][\/et_pb_button][\/et_pb_column][\/et_pb_row][\/et_pb_section][et_pb_section fb_built=&#8221;1&#8243; admin_label=&#8221;Sektion Technologien&#8221; module_class=&#8221;mod_14_button_silder&#8221; _builder_version=&#8221;4.16&#8243; background_enable_image=&#8221;off&#8221; background_size=&#8221;contain&#8221; background_position=&#8221;top_right&#8221; da_disable_devices=&#8221;off|off|off&#8221; collapsed=&#8221;on&#8221; global_colors_info=&#8221;{}&#8221; da_is_popup=&#8221;off&#8221; da_exit_intent=&#8221;off&#8221; da_has_close=&#8221;on&#8221; da_alt_close=&#8221;off&#8221; da_dark_close=&#8221;off&#8221; da_not_modal=&#8221;on&#8221; da_is_singular=&#8221;off&#8221; da_with_loader=&#8221;off&#8221; da_has_shadow=&#8221;on&#8221;][et_pb_row _builder_version=&#8221;4.16&#8243; collapsed=&#8221;on&#8221; global_colors_info=&#8221;{}&#8221;][et_pb_column type=&#8221;4_4&#8243; _builder_version=&#8221;4.16&#8243; global_colors_info=&#8221;{}&#8221;][et_pb_text _builder_version=&#8221;4.16&#8243; global_colors_info=&#8221;{}&#8221;]<\/p>\n<p style=\"font-size:20px;font-weight:500;line-height:26px;margin:0;\">REVEN is a leader in research and development<\/p>\n<h2>Technologies of our Ventilation Ceilings<\/h2>\n<p>[\/et_pb_text][\/et_pb_column][\/et_pb_row][et_pb_row column_structure=&#8221;1_4,1_4,1_4,1_4&#8243; _builder_version=&#8221;4.16&#8243; locked=&#8221;off&#8221; collapsed=&#8221;on&#8221; global_colors_info=&#8221;{}&#8221;][et_pb_column type=&#8221;1_4&#8243; _builder_version=&#8221;4.16&#8243; global_colors_info=&#8221;{}&#8221;][et_pb_button button_text=&#8221;Separation&#8221; _builder_version=&#8221;4.16&#8243; global_colors_info=&#8221;{}&#8221;][\/et_pb_button][\/et_pb_column][et_pb_column type=&#8221;1_4&#8243; _builder_version=&#8221;4.16&#8243; global_colors_info=&#8221;{}&#8221;][et_pb_button button_text=&#8221;Fume Capture&#8221; _builder_version=&#8221;4.16&#8243; global_colors_info=&#8221;{}&#8221;][\/et_pb_button][\/et_pb_column][et_pb_column type=&#8221;1_4&#8243; _builder_version=&#8221;4.16&#8243; global_colors_info=&#8221;{}&#8221;][et_pb_button button_text=&#8221;Cleaning&#8221; admin_label=&#8221;Button&#8221; _builder_version=&#8221;4.16&#8243; global_colors_info=&#8221;{}&#8221;][\/et_pb_button][\/et_pb_column][et_pb_column type=&#8221;1_4&#8243; _builder_version=&#8221;4.16&#8243; global_colors_info=&#8221;{}&#8221;][et_pb_button button_text=&#8221;Cooking Zone Control&#8221; admin_label=&#8221;Button&#8221; _builder_version=&#8221;4.16&#8243; global_colors_info=&#8221;{}&#8221;][\/et_pb_button][\/et_pb_column][\/et_pb_row][et_pb_row _builder_version=&#8221;4.16&#8243; locked=&#8221;off&#8221; collapsed=&#8221;on&#8221; global_colors_info=&#8221;{}&#8221;][et_pb_column type=&#8221;4_4&#8243; _builder_version=&#8221;4.16&#8243; global_colors_info=&#8221;{}&#8221;][et_pb_slider _builder_version=&#8221;4.27.7&#8243; hover_enabled=&#8221;0&#8243; global_colors_info=&#8221;{}&#8221; sticky_enabled=&#8221;0&#8243;][et_pb_slide heading=&#8221;X-CYCLONE\u00ae Separating Technology&#8221; button_text=&#8221;Learn more&#8221; button_link=&#8221;@ET-DC@eyJkeW5hbWljIjp0cnVlLCJjb250ZW50IjoicG9zdF9saW5rX3VybF9wYWdlIiwic2V0dGluZ3MiOnsicG9zdF9pZCI6IjM5ODIiLCJlbmFibGVfaHRtbCI6Im9mZiJ9fQ==@&#8221; image=&#8221;https:\/\/www.reven.de\/wp-content\/uploads\/2020\/10\/x-cyclone-abscheide-technologie-reven.jpg&#8221; image_alt=&#8221;X-CYCLONE\u00ae technology for the separation of aerosol&#8221; _builder_version=&#8221;4.27.7&#8243; _dynamic_attributes=&#8221;button_link&#8221; global_colors_info=&#8221;{}&#8221; sticky_transition=&#8221;on&#8221;]<\/p>\n<p>The X-CYCLONE\u00ae Basic Element is self-cleaning and completely maintenance-free. The <a href=\"https:\/\/www.reven.de\/2021\/04\/07\/aerosole\/\" title=\"Aerosols in our environment explained simply\" data-wpil-monitor-id=\"283\" class=\"link_orange\">aerosols<\/a> separated in the Basic Element drain down along the X-CYCLONE\u00ae profiles as a fluid mass.  <\/p>\n<p>[\/et_pb_slide][et_pb_slide heading=&#8221;REVEN\u00ae Fume Capture Technology&#8221; button_text=&#8221;Learn more&#8221; button_link=&#8221;@ET-DC@eyJkeW5hbWljIjp0cnVlLCJjb250ZW50IjoicG9zdF9saW5rX3VybF9wYWdlIiwic2V0dGluZ3MiOnsicG9zdF9pZCI6IjM5ODQiLCJlbmFibGVfaHRtbCI6Im9mZiJ9fQ==@&#8221; image=&#8221;https:\/\/www.reven.de\/wp-content\/uploads\/2020\/10\/induktionssystem-reven.jpg&#8221; image_alt=&#8221;Induction hood with integrated REVEN\u00ae Fume Capture System&#8221; _builder_version=&#8221;4.27.7&#8243; _dynamic_attributes=&#8221;button_link&#8221; global_colors_info=&#8221;{}&#8221; sticky_transition=&#8221;on&#8221;]<\/p>\n<p>The integrated Air-Induction System features a unique nozzle patented worldwide. It ensures the complete <a href=\"https:\/\/www.reven.de\/en\/technologies\/technologies-for-fume-capture\/\" title=\"Technologies for Fume Capture\" data-wpil-monitor-id=\"284\" class=\"link_orange\">capture<\/a> of the exhaust air and prevents draught. <\/p>\n<p>[\/et_pb_slide][et_pb_slide heading=&#8221;REVEX\u00ae Cleaning Technology&#8221; button_text=&#8221;Learn more&#8221; button_link=&#8221;@ET-DC@eyJkeW5hbWljIjp0cnVlLCJjb250ZW50IjoicG9zdF9saW5rX3VybF9wYWdlIiwic2V0dGluZ3MiOnsicG9zdF9pZCI6IjM5ODgiLCJlbmFibGVfaHRtbCI6Im9mZiJ9fQ==@&#8221; image=&#8221;https:\/\/www.reven.de\/wp-content\/uploads\/2020\/10\/revex-spruehsystem-reven.jpg&#8221; image_alt=&#8221;Cleaning of aerosol separators&#8221; _builder_version=&#8221;4.27.7&#8243; _dynamic_attributes=&#8221;button_link&#8221; hover_enabled=&#8221;0&#8243; global_colors_info=&#8221;{}&#8221; sticky_transition=&#8221;on&#8221; sticky_enabled=&#8221;0&#8243;]The integrated REVEN\u00ae Spray System automatically <a href=\"https:\/\/www.reven.de\/en\/2026\/01\/14\/why-use-automatic-cleaning-in-the-kitchen-ventilation-system\/\" title=\"Why use automatic cleaning in the kitchen ventilation system\" data-wpil-monitor-id=\"285\" class=\"link_orange\">cleans<\/a> and disinfects both sides of the Aerosol Separators. This <a href=\"https:\/\/www.reven.de\/en\/2026\/01\/14\/grease-separation-in-the-exhaust-air-filter-or-separator\/\" title=\"Grease separation in the exhaust air \u2013 filter or separator?\" data-wpil-monitor-id=\"286\" class=\"link_orange\">technology<\/a> is also protected by patent rights.[\/et_pb_slide][et_pb_slide heading=&#8221;RSC Technology for ventilation control in individual cooking zones&#8221; button_text=&#8221;Learn more&#8221; button_link=&#8221;@ET-DC@eyJkeW5hbWljIjp0cnVlLCJjb250ZW50IjoicG9zdF9saW5rX3VybF9wYWdlIiwic2V0dGluZ3MiOnsicG9zdF9pZCI6IjM5OTAiLCJlbmFibGVfaHRtbCI6Im9mZiJ9fQ==@&#8221; image=&#8221;https:\/\/www.reven.de\/wp-content\/uploads\/2020\/10\/rsc-regelautomatik-reven.jpg&#8221; image_alt=&#8221;Ventilation ceiling with RSC Control System&#8221; _builder_version=&#8221;4.27.7&#8243; _dynamic_attributes=&#8221;button_link&#8221; global_colors_info=&#8221;{}&#8221; sticky_transition=&#8221;on&#8221;]<\/p>\n<p>The temperature and humidity sensors are designed for the conditions in commercial kitchens and detect in which zones cooking activity takes place. <\/p>\n<p>[\/et_pb_slide][\/et_pb_slider][\/et_pb_column][\/et_pb_row][\/et_pb_section][et_pb_section fb_built=&#8221;1&#8243; admin_label=&#8221;Section Produktpalette&#8221; module_class=&#8221;mod_25_selectors bgr_4_just_white bgr_3_1_logo_left&#8221; _builder_version=&#8221;4.16&#8243; background_enable_image=&#8221;off&#8221; background_size=&#8221;contain&#8221; background_position=&#8221;top_left&#8221; da_disable_devices=&#8221;off|off|off&#8221; locked=&#8221;off&#8221; collapsed=&#8221;on&#8221; global_colors_info=&#8221;{}&#8221; da_is_popup=&#8221;off&#8221; da_exit_intent=&#8221;off&#8221; da_has_close=&#8221;on&#8221; da_alt_close=&#8221;off&#8221; da_dark_close=&#8221;off&#8221; da_not_modal=&#8221;on&#8221; da_is_singular=&#8221;off&#8221; da_with_loader=&#8221;off&#8221; da_has_shadow=&#8221;on&#8221;][et_pb_row _builder_version=&#8221;4.16&#8243; global_colors_info=&#8221;{}&#8221;][et_pb_column type=&#8221;4_4&#8243; _builder_version=&#8221;4.16&#8243; global_colors_info=&#8221;{}&#8221;][et_pb_text _builder_version=&#8221;4.16&#8243; global_colors_info=&#8221;{}&#8221;]<\/p>\n<p style=\"font-size:20px;font-weight:500;line-height:26px;margin:0;\">Find the best solution for your kitchen<\/p>\n<h2>Take also a look at our range of kitchen hoods and duct-mounting air cleaners.<\/h2>\n<p>[\/et_pb_text][\/et_pb_column][\/et_pb_row][et_pb_row column_structure=&#8221;1_2,1_2&#8243; make_equal=&#8221;on&#8221; _builder_version=&#8221;4.16&#8243; custom_margin=&#8221;||||false|false&#8221; custom_padding=&#8221;0px|||||&#8221; global_colors_info=&#8221;{}&#8221;][et_pb_column type=&#8221;1_2&#8243; _builder_version=&#8221;4.16&#8243; border_style_all=&#8221;outset&#8221; global_colors_info=&#8221;{}&#8221;][et_pb_blurb title=&#8221;Exhaust hoods as peripheral and central versions&#8221; image=&#8221;https:\/\/www.reven.de\/wp-content\/uploads\/2020\/10\/gastro-kuechenhaube-evn-reven.png&#8221; alt=&#8221;Extractor hood for the catering trade&#8221; _builder_version=&#8221;4.16&#8243; _dynamic_attributes=&#8221;link_option_url&#8221; custom_padding=&#8221;10px|10px|10px|10px|true|true&#8221; link_option_url=&#8221;@ET-DC@eyJkeW5hbWljIjp0cnVlLCJjb250ZW50IjoicG9zdF9saW5rX3VybF9wYWdlIiwic2V0dGluZ3MiOnsicG9zdF9pZCI6IjM4MTciLCJlbmFibGVfaHRtbCI6Im9mZiJ9fQ==@&#8221; global_colors_info=&#8221;{}&#8221;]<\/p>\n<p>A REVEN@ Kitchen Hood is easy to install. It is particularly suitable for hobs or kitchen units.<\/p>\n<p>[\/et_pb_blurb][et_pb_button button_url=&#8221;@ET-DC@eyJkeW5hbWljIjp0cnVlLCJjb250ZW50IjoicG9zdF9saW5rX3VybF9wYWdlIiwic2V0dGluZ3MiOnsicG9zdF9pZCI6IjM4MTciLCJlbmFibGVfaHRtbCI6Im9mZiJ9fQ==@&#8221; button_text=&#8221;Capture Systems&#8221; module_class=&#8221;button_common_dark&#8221; _builder_version=&#8221;4.16&#8243; _dynamic_attributes=&#8221;button_url&#8221; global_colors_info=&#8221;{}&#8221;][\/et_pb_button][\/et_pb_column][et_pb_column type=&#8221;1_2&#8243; _builder_version=&#8221;4.16&#8243; global_colors_info=&#8221;{}&#8221;][et_pb_blurb title=&#8221;Filters and separators suitable for installation in the exhaust duct&#8221; image=&#8221;https:\/\/www.reven.de\/wp-content\/uploads\/2020\/10\/kanalfilter-rkuv-reven.png&#8221; alt=&#8221;Exhaust Duct Air Cleaner RKUV for odour reduction with UV rays&#8221; _builder_version=&#8221;4.16&#8243; _dynamic_attributes=&#8221;link_option_url&#8221; custom_padding=&#8221;10px|10px|10px|10px|true|true&#8221; link_option_url=&#8221;@ET-DC@eyJkeW5hbWljIjp0cnVlLCJjb250ZW50IjoicG9zdF9saW5rX3VybF9wYWdlIiwic2V0dGluZ3MiOnsicG9zdF9pZCI6IjM5NjYiLCJlbmFibGVfaHRtbCI6Im9mZiJ9fQ==@&#8221; global_colors_info=&#8221;{}&#8221;]REVEN\u00ae <a href=\"https:\/\/www.reven.de\/en\/sector-specific-solutions\/duct-mounting-systems\/\" title=\"Duct-mounting Systems\" data-wpil-monitor-id=\"287\">Duct-mounting Filters <\/a>can be installed directly in the most diverse exhaust air ducts. They are used for odour neutralisation, for instance.[\/et_pb_blurb][et_pb_button button_url=&#8221;@ET-DC@eyJkeW5hbWljIjp0cnVlLCJjb250ZW50IjoicG9zdF9saW5rX3VybF9wYWdlIiwic2V0dGluZ3MiOnsicG9zdF9pZCI6IjM5NjYiLCJlbmFibGVfaHRtbCI6Im9mZiJ9fQ==@&#8221; button_text=&#8221;Duct-mounting Systems&#8221; module_class=&#8221;button_common_dark&#8221; _builder_version=&#8221;4.16&#8243; _dynamic_attributes=&#8221;button_url&#8221; global_colors_info=&#8221;{}&#8221;][\/et_pb_button][\/et_pb_column][\/et_pb_row][\/et_pb_section][et_pb_section fb_built=&#8221;1&#8243; admin_label=&#8221;Sektion techn. Higlights&#8221; module_class=&#8221;mod_9_list bgr_2_light_gradient hook_orange hook_spacing&#8221; _builder_version=&#8221;4.16&#8243; background_enable_image=&#8221;off&#8221; background_size=&#8221;contain&#8221; background_position=&#8221;top_right&#8221; min_height=&#8221;575px&#8221; da_disable_devices=&#8221;off|off|off&#8221; locked=&#8221;off&#8221; collapsed=&#8221;on&#8221; global_colors_info=&#8221;{}&#8221; da_is_popup=&#8221;off&#8221; da_exit_intent=&#8221;off&#8221; da_has_close=&#8221;on&#8221; da_alt_close=&#8221;off&#8221; da_dark_close=&#8221;off&#8221; da_not_modal=&#8221;on&#8221; da_is_singular=&#8221;off&#8221; da_with_loader=&#8221;off&#8221; da_has_shadow=&#8221;on&#8221;][et_pb_row _builder_version=&#8221;4.16&#8243; global_colors_info=&#8221;{}&#8221;][et_pb_column type=&#8221;4_4&#8243; _builder_version=&#8221;4.16&#8243; global_colors_info=&#8221;{}&#8221;][et_pb_text _builder_version=&#8221;4.16&#8243; global_colors_info=&#8221;{}&#8221;]<\/p>\n<p style=\"font-size:20px;font-weight:500;line-height:26px;margin:0;\">Still not convinced? \u2013 Find more good arguments below &#8230; <\/p>\n<h2>Highlights of our Kitchen Ventilation Ceilings<\/h2>\n<p>[\/et_pb_text][\/et_pb_column][\/et_pb_row][et_pb_row column_structure=&#8221;1_3,1_3,1_3&#8243; _builder_version=&#8221;4.16&#8243; global_colors_info=&#8221;{}&#8221;][et_pb_column type=&#8221;1_3&#8243; _builder_version=&#8221;4.16&#8243; global_colors_info=&#8221;{}&#8221;][et_pb_text _builder_version=&#8221;4.16&#8243; global_colors_info=&#8221;{}&#8221;]<\/p>\n<ul>\n<li>\n<h4>Separating rates of up to 99.999&nbsp;%<\/h4>\n<p>The X-CYCLONE\u00ae high-performance separating system achieves a very high separating efficiency with rates of up to&nbsp;99.999&nbsp;%.<\/p>\n<\/li>\n<li>\n<h4>More efficient separation<\/h4>\n<p>The condensation of vapour molecules due to the induction of air provides for even more efficient separation.<\/p>\n<\/li>\n<\/ul>\n<p>[\/et_pb_text][\/et_pb_column][et_pb_column type=&#8221;1_3&#8243; _builder_version=&#8221;4.16&#8243; global_colors_info=&#8221;{}&#8221;][et_pb_text _builder_version=&#8221;4.16&#8243; global_colors_info=&#8221;{}&#8221;]<\/p>\n<ul>\n<li>\n<h4>Proven functionality<\/h4>\n<p>The effectiveness and function of the separator and the induction nozzle in a ceiling module are proven by CFD flow analysis.<\/li>\n<li>\n<h4>Dimmable LED lighting<\/h4>\n<p>The integrated modern LED lighting is dimmable and reduces power consumption by up to 50&nbsp;% in comparison to conventional T5 or T8 luminaires.<\/li>\n<\/ul>\n<p>[\/et_pb_text][\/et_pb_column][et_pb_column type=&#8221;1_3&#8243; _builder_version=&#8221;4.16&#8243; global_colors_info=&#8221;{}&#8221;][et_pb_text _builder_version=&#8221;4.16&#8243; global_colors_info=&#8221;{}&#8221;]<\/p>\n<ul>\n<li>\n<h4>Fire protection in the exhaust air duct<\/h4>\n<p>To ensure fire protection in the exhaust air duct the flame-arresting capability of the X-CYCLONE\u00ae Basic Elements is tested in accordance with DIN 18869-5 and DIN EN 16282.<\/p>\n<\/li>\n<li>\n<h4>Lifetime warranty<\/h4>\n<p>We provide a lifetime warranty on the X-CYCLONE\u00ae <a href=\"https:\/\/www.reven.de\/en\/technologies\/technologies-for-aerosol-separation\/\" title=\"Technologies for Aerosol Separation\" data-wpil-monitor-id=\"288\">Aerosol Separators<\/a> and for the corrosion resistance of the ceiling modules.<\/p>\n<\/li>\n<\/ul>\n<p>[\/et_pb_text][\/et_pb_column][\/et_pb_row][\/et_pb_section][et_pb_section fb_built=&#8221;1&#8243; admin_label=&#8221;Sektion CallToAction Download&#8221; module_class=&#8221;mod_15_cta_download&#8221; _builder_version=&#8221;4.16&#8243; da_disable_devices=&#8221;off|off|off&#8221; locked=&#8221;off&#8221; collapsed=&#8221;on&#8221; global_colors_info=&#8221;{}&#8221; da_is_popup=&#8221;off&#8221; da_exit_intent=&#8221;off&#8221; da_has_close=&#8221;on&#8221; da_alt_close=&#8221;off&#8221; da_dark_close=&#8221;off&#8221; da_not_modal=&#8221;on&#8221; da_is_singular=&#8221;off&#8221; da_with_loader=&#8221;off&#8221; da_has_shadow=&#8221;on&#8221;][et_pb_row column_structure=&#8221;1_2,1_2&#8243; _builder_version=&#8221;4.16&#8243; collapsed=&#8221;off&#8221; global_colors_info=&#8221;{}&#8221;][et_pb_column type=&#8221;1_2&#8243; _builder_version=&#8221;4.16&#8243; global_colors_info=&#8221;{}&#8221;][et_pb_text _builder_version=&#8221;4.16&#8243; global_colors_info=&#8221;{}&#8221;]<\/p>\n<p>Download<\/p>\n<h4>Discover our catalogue<\/h4>\n<p>You can find further information on our Ventilation Ceilings and our Ceiling Extractors in our catalogue. You can also find details on the REVEN Range of Delivery there. <\/p>\n<p>[\/et_pb_text][et_pb_button button_url=&#8221;https:\/\/www.reven.de\/wp-content\/uploads\/2026\/08\/REVEN-X-CYCLONE_English_9.0.pdf&#8221; url_new_window=&#8221;on&#8221; button_text=&#8221;Download our catalogue now&#8221; module_class=&#8221;button_common_light&#8221; _builder_version=&#8221;4.27.7&#8243; global_colors_info=&#8221;{}&#8221;][\/et_pb_button][\/et_pb_column][et_pb_column type=&#8221;1_2&#8243; _builder_version=&#8221;4.16&#8243; global_colors_info=&#8221;{}&#8221;][et_pb_image src=&#8221;https:\/\/www.reven.de\/wp-content\/uploads\/2020\/10\/reven-katalog.png&#8221; alt=&#8221;REVEN Catalogue&#8221; title_text=&#8221;REVEN Catalogue&#8221; url=&#8221;https:\/\/www.reven.de\/wp-content\/uploads\/2026\/08\/REVEN-X-CYCLONE_English_9.0.pdf&#8221; url_new_window=&#8221;on&#8221; _builder_version=&#8221;4.27.7&#8243; global_colors_info=&#8221;{}&#8221;][\/et_pb_image][\/et_pb_column][\/et_pb_row][\/et_pb_section][et_pb_section fb_built=&#8221;1&#8243; admin_label=&#8221;Sektion Zubeh\u00f6r und Service&#8221; module_class=&#8221;mod_27_cards&#8221; _builder_version=&#8221;4.16&#8243; background_image=&#8221;https:\/\/www.reven.de\/wp-content\/uploads\/2020\/10\/bg-kringel-4li.png&#8221; background_size=&#8221;contain&#8221; background_position=&#8221;center_left&#8221; da_disable_devices=&#8221;off|off|off&#8221; locked=&#8221;off&#8221; collapsed=&#8221;on&#8221; global_colors_info=&#8221;{}&#8221; da_is_popup=&#8221;off&#8221; da_exit_intent=&#8221;off&#8221; da_has_close=&#8221;on&#8221; da_alt_close=&#8221;off&#8221; da_dark_close=&#8221;off&#8221; da_not_modal=&#8221;on&#8221; da_is_singular=&#8221;off&#8221; da_with_loader=&#8221;off&#8221; da_has_shadow=&#8221;on&#8221;][et_pb_row _builder_version=&#8221;4.16&#8243; global_colors_info=&#8221;{}&#8221;][et_pb_column type=&#8221;4_4&#8243; _builder_version=&#8221;4.16&#8243; global_colors_info=&#8221;{}&#8221;][et_pb_text _builder_version=&#8221;4.16&#8243; global_colors_info=&#8221;{}&#8221;]<\/p>\n<p style=\"font-size:20px;font-weight:500;line-height:26px;margin:0;\">Accessories and Services<\/p>\n<h2>Additional offers in connection with ventilation ceilings<\/h2>\n<p>[\/et_pb_text][\/et_pb_column][\/et_pb_row][et_pb_row column_structure=&#8221;1_3,1_3,1_3&#8243; admin_label=&#8221;Three Cards Row&#8221; _builder_version=&#8221;4.16&#8243; global_colors_info=&#8221;{}&#8221;][et_pb_column type=&#8221;1_3&#8243; _builder_version=&#8221;4.16&#8243; global_colors_info=&#8221;{}&#8221;][et_pb_blurb title=&#8221;DAK Exhaust Air Box Filter&#8221; image=&#8221;https:\/\/www.reven.de\/wp-content\/uploads\/2020\/10\/abluftfilterkasten-dak-reven.png&#8221; alt=&#8221;Exhaust air box filter for the selective extraction and purification of exhaust air&#8221; _builder_version=&#8221;4.16&#8243; global_colors_info=&#8221;{}&#8221;]<\/p>\n<p>The exhaust air box filter is intended for selective extraction of exhaust air with low intensity. It can optionally be installed in ventilation ceilings and is operated in combination with REVEN\u00ae Exhaust Air Ceiling Modules. <\/p>\n<p>[\/et_pb_blurb][\/et_pb_column][et_pb_column type=&#8221;1_3&#8243; _builder_version=&#8221;4.16&#8243; global_colors_info=&#8221;{}&#8221;][et_pb_blurb title=&#8221;DQA Low-velocity Supply Air Outlet&#8221; image=&#8221;https:\/\/www.reven.de\/wp-content\/uploads\/2020\/10\/zuluftquellauslass-dqa-reven.png&#8221; alt=&#8221;Supply air diffuser for the balancing of the fresh air portion&#8221; _builder_version=&#8221;4.16&#8243; global_colors_info=&#8221;{}&#8221;]<\/p>\n<p>The supply air diffuser can optionally be integrated into the ventilation ceiling and ensures a balanced fresh air content in the room.<\/p>\n<p>[\/et_pb_blurb][\/et_pb_column][et_pb_column type=&#8221;1_3&#8243; _builder_version=&#8221;4.16&#8243; global_colors_info=&#8221;{}&#8221;][et_pb_blurb title=&#8221;DSD Sound-absorbing Ceiling Coffer&#8221; image=&#8221;https:\/\/www.reven.de\/wp-content\/uploads\/2020\/10\/schallschutz-deckenkassette-dsd-reven.png&#8221; alt=&#8221;Sound-absorbing, splash-waterproof ceiling coffer&#8221; _builder_version=&#8221;4.16&#8243; global_colors_info=&#8221;{}&#8221;]<\/p>\n<p>The ceiling coffers protect the building structure and support the room-wide capture of the exhaust air. They are sound-absorbing and splash-waterproof. <\/p>\n<p>[\/et_pb_blurb][\/et_pb_column][\/et_pb_row][\/et_pb_section][et_pb_section fb_built=&#8221;1&#8243; admin_label=&#8221;Sektion SEO Text&#8221; _builder_version=&#8221;4.16&#8243; da_disable_devices=&#8221;off|off|off&#8221; collapsed=&#8221;on&#8221; global_colors_info=&#8221;{}&#8221; da_is_popup=&#8221;off&#8221; da_exit_intent=&#8221;off&#8221; da_has_close=&#8221;on&#8221; da_alt_close=&#8221;off&#8221; da_dark_close=&#8221;off&#8221; da_not_modal=&#8221;on&#8221; da_is_singular=&#8221;off&#8221; da_with_loader=&#8221;off&#8221; da_has_shadow=&#8221;on&#8221;][et_pb_row _builder_version=&#8221;4.16&#8243; collapsed=&#8221;on&#8221; global_colors_info=&#8221;{}&#8221;][et_pb_column type=&#8221;4_4&#8243; _builder_version=&#8221;4.16&#8243; global_colors_info=&#8221;{}&#8221;][et_pb_text _builder_version=&#8221;4.16&#8243; custom_padding=&#8221;||1px|||&#8221; global_colors_info=&#8221;{}&#8221;]<\/p>\n<h3 style=\"text-align: center;\">Our ventilation ceilings are a byword for quality and economy among architects and ventilation engineers.<\/h3>\n<p style=\"text-align: center;\">The kitchen ceilings for commercial kitchens are fitted with the latest technology. In addition to durability, they provide for high efficiency through our innovative RSC Control System. REVEN\u00ae Kitchen Ventilation Ceilings are always a benefit. <\/p>\n<p>[\/et_pb_text][et_pb_text _builder_version=&#8221;4.27.6&#8243; custom_padding=&#8221;||1px|||&#8221; global_colors_info=&#8221;{}&#8221;]<\/p>\n<script type=\"application\/ld+json\">\r\n{\r\n  \"@context\": \"https:\/\/schema.org\",\r\n  \"@type\": \"CollectionPage\",\r\n  \"@id\": \"https:\/\/www.reven.de\/loesungen\/kuechenlueftung\/lueftungsdecken\/#collectionpage\",\r\n  \"name\": \"REVEN L\u00fcftungsdecken\",\r\n  \"alternateName\": [\"K\u00fcchenl\u00fcftungsdecken\", \"Kassettendecken\", \"Abluftdecken\"],\r\n  \"url\": \"https:\/\/www.reven.de\/loesungen\/kuechenlueftung\/lueftungsdecken\/\",\r\n  \"description\": \"REVEN L\u00fcftungsdecken: Geschlossene Kassettendecken mit integrierten Zuluft- und Abluftmodulen f\u00fcr Gro\u00dfk\u00fcchen und Profi-Gastronomie. X-CYCLONE\u00ae Technologie, individuelle Ma\u00dfanfertigung und einfache Reinigung nach DIN EN 16282.\",\r\n  \"inLanguage\": \"de-DE\",\r\n  \"isPartOf\": {\r\n    \"@id\": \"https:\/\/www.reven.de\/#organization\"\r\n  },\r\n  \"about\": {\r\n    \"@type\": \"Thing\",\r\n    \"name\": \"K\u00fcchenl\u00fcftungsdecken\",\r\n    \"description\": \"Geschlossene Zwischendecken mit integrierter Zu- und Abluft sowie Beleuchtung f\u00fcr professionelle Gro\u00dfk\u00fcchen\",\r\n    \"sameAs\": \"https:\/\/de.wikipedia.org\/wiki\/L%C3%BCftungstechnik\"\r\n  },\r\n  \"mainEntity\": {\r\n    \"@type\": \"ItemList\",\r\n    \"name\": \"REVEN L\u00fcftungsdecken Produktlinie\",\r\n    \"description\": \"Produktkategorie f\u00fcr Kassettendecken, Abluftmodule und individuell gefertigte K\u00fcchenl\u00fcftungsdecken\",\r\n    \"numberOfItems\": 3,\r\n    \"itemListElement\": [\r\n      {\r\n        \"@type\": \"ListItem\",\r\n        \"position\": 1,\r\n        \"item\": {\r\n          \"@type\": \"Thing\",\r\n          \"name\": \"Kassettendecken DLD\",\r\n          \"description\": \"Geschlossene L\u00fcftungsdecken in Kassettenbauweise mit Zuluft- und Abluft-Modulen\",\r\n          \"image\": \"https:\/\/www.reven.de\/wp-content\/uploads\/2020\/10\/lueftungsdecken-modul-dld-reven.png\"\r\n        }\r\n      },\r\n      {\r\n        \"@type\": \"ListItem\",\r\n        \"position\": 2,\r\n        \"item\": {\r\n          \"@type\": \"Thing\",\r\n          \"name\": \"Ma\u00dfgefertigte L\u00fcftungsdecken\",\r\n          \"description\": \"Individuell geplante L\u00fcftungsdecken nach Ma\u00df f\u00fcr Hotelk\u00fcchen, Restaurants und Gro\u00dfk\u00fcchen\"\r\n        }\r\n      },\r\n      {\r\n        \"@type\": \"ListItem\",\r\n        \"position\": 3,\r\n        \"item\": {\r\n          \"@type\": \"Thing\",\r\n          \"name\": \"X-CYCLONE\u00ae L\u00fcftungsdecken\",\r\n          \"description\": \"L\u00fcftungsdecken mit patentierter X-CYCLONE\u00ae Aerosolabscheidung, integrierter Beleuchtung und einfacher Reinigung nach DIN EN 16282\"\r\n        }\r\n      }\r\n    ]\r\n  },\r\n  \"publisher\": {\r\n    \"@id\": \"https:\/\/www.reven.de\/#organization\"\r\n  },\r\n  \"image\": \"https:\/\/www.reven.de\/wp-content\/uploads\/2020\/10\/lueftungsdecken-modul-dld-reven.png\",\r\n  \"keywords\": \"L\u00fcftungsdecken, K\u00fcchenl\u00fcftungsdecken, Kassettendecken, DLD, Abluftmodul, X-CYCLONE, DIN EN 16282, Gro\u00dfk\u00fcche, Hotelk\u00fcche, Profi-K\u00fcchenl\u00fcftung\"\r\n}\r\n<\/script>\n<p>[\/et_pb_text][\/et_pb_column][\/et_pb_row][et_pb_row _builder_version=&#8221;4.27.6&#8243; _module_preset=&#8221;default&#8221; global_colors_info=&#8221;{}&#8221;][et_pb_column type=&#8221;4_4&#8243; _builder_version=&#8221;4.27.6&#8243; _module_preset=&#8221;default&#8221; global_colors_info=&#8221;{}&#8221;][et_pb_text _builder_version=&#8221;4.27.6&#8243; _module_preset=&#8221;default&#8221; global_colors_info=&#8221;{}&#8221;]<\/p>\n<h3 data-pm-slice=\"1 1 []\">Frequently Asked Questions About Ventilation Ceilings<\/h3>\n<p>Here you will find answers to the most important questions about our products:<\/p>\n<p>[\/et_pb_text][\/et_pb_column][\/et_pb_row][et_pb_row _builder_version=&#8221;4.27.6&#8243; _module_preset=&#8221;default&#8221; global_colors_info=&#8221;{}&#8221;][et_pb_column type=&#8221;4_4&#8243; _builder_version=&#8221;4.27.6&#8243; _module_preset=&#8221;default&#8221; global_colors_info=&#8221;{}&#8221;][et_pb_accordion _builder_version=&#8221;4.27.6&#8243; _module_preset=&#8221;default&#8221; global_colors_info=&#8221;{}&#8221;][et_pb_accordion_item title=&#8221;What is a ventilation ceiling and how does it work?&#8221; open=&#8221;on&#8221; _builder_version=&#8221;4.27.6&#8243; _module_preset=&#8221;default&#8221; global_colors_info=&#8221;{}&#8221;]<\/p>\n<p class=\"font-claude-response-body break-words whitespace-normal leading-[1.7]\">A ventilation ceiling is an enclosed suspended ceiling system for commercial kitchens that integrates supply air and extract air modules as well as lighting. It extends across the entire kitchen area, providing uniform, large-area capture of cooking vapours and fumes. Unlike individual kitchen hoods, extract air is not captured at individual points but across the entire ceiling area. This allows greater flexibility in the positioning of cooking appliances and provides more even air distribution throughout the room  <\/p>\n<p>[\/et_pb_accordion_item][et_pb_accordion_item title=&#8221;When is a ventilated ceiling a better solution than a commercial kitchen hood?&#8221; _builder_version=&#8221;4.27.6&#8243; _module_preset=&#8221;default&#8221; global_colors_info=&#8221;{}&#8221;]<\/p>\n<p>A ventilation ceiling is particularly suitable for large kitchens, where multiple cooking stations need to be arranged flexibly or where the position of cooking appliances may change in the future. Ventilation ceilings are also a preferred choice for open show kitchens and prestigious hotel kitchens, as they provide a uniform, high-quality appearance. For individual cooking stations or smaller kitchens, commercial kitchen hoods are generally the more economical option.  <\/p>\n<p>[\/et_pb_accordion_item][et_pb_accordion_item title=&#8221;What are the advantages of a REVEN ventilation ceiling?&#8221; _builder_version=&#8221;4.27.6&#8243; _module_preset=&#8221;default&#8221; global_colors_info=&#8221;{}&#8221;]<\/p>\n<p>REVEN ventilated ceilings combine several functions in a single integrated solution. They incorporate supply air, extract air and lighting within an enclosed ceiling system, offering a high degree of design flexibility. The patented X-CYCLONE\u00ae technology ensures reliable aerosol separation, with its performance scientifically verified in accordance with DIN EN 16282. The ceilings are also easy to clean, durable and designed for continuous professional use in commercial kitchens.   <\/p>\n<p>[\/et_pb_accordion_item][et_pb_accordion_item title=&#8221;Can REVEN ventilation ceilings be customised?&#8221; _builder_version=&#8221;4.27.6&#8243; _module_preset=&#8221;default&#8221; global_colors_info=&#8221;{}&#8221;]<\/p>\n<p>REVEN ventilation ceilings are individually designed and manufactured for each project. Their size, shape and module configuration are adapted to the available space and the planned cooking zones. Visual aspects such as material selection, lighting and design elements can also be tailored to the overall kitchen concept. This makes our ventilated ceilings suitable for both functional large-scale commercial kitchens and sophisticated hotel and show kitchens.   <\/p>\n<p>[\/et_pb_accordion_item][et_pb_accordion_item title=&#8221;How is a ventilated ceiling cleaned?&#8221; _builder_version=&#8221;4.27.6&#8243; _module_preset=&#8221;default&#8221; global_colors_info=&#8221;{}&#8221;]<\/p>\n<p>Ventilated ceilings are designed to be easy and hygienic to clean. The individual separation elements can be removed and, in most cases, cleaned in a dishwasher. The enclosed ceiling construction prevents grease and dirt from entering the ceiling void, significantly reducing cleaning requirements compared with open ceiling systems. In ventilation ceilings equipped with the integrated REVEX\u00ae spray system, cleaning is even carried out fully automatically.   <\/p>\n<p>[\/et_pb_accordion_item][\/et_pb_accordion][\/et_pb_column][\/et_pb_row][et_pb_row _builder_version=&#8221;4.27.6&#8243; _module_preset=&#8221;default&#8221; global_colors_info=&#8221;{}&#8221;][et_pb_column type=&#8221;4_4&#8243; _builder_version=&#8221;4.27.6&#8243; _module_preset=&#8221;default&#8221; global_colors_info=&#8221;{}&#8221;][et_pb_text _builder_version=&#8221;4.27.6&#8243; _module_preset=&#8221;default&#8221; global_colors_info=&#8221;{}&#8221;]<\/p>\n<script type=\"application\/ld+json\">\r\n{\r\n  \"@context\": \"https:\/\/schema.org\",\r\n  \"@type\": \"FAQPage\",\r\n  \"@id\": \"https:\/\/www.reven.de\/loesungen\/kuechenlueftung\/lueftungsdecken\/#faqpage\",\r\n  \"url\": \"https:\/\/www.reven.de\/loesungen\/kuechenlueftung\/lueftungsdecken\/\",\r\n  \"inLanguage\": \"de-DE\",\r\n  \"isPartOf\": {\r\n    \"@id\": \"https:\/\/www.reven.de\/#organization\"\r\n  },\r\n  \"mainEntity\": [\r\n    {\r\n      \"@type\": \"Question\",\r\n      \"name\": \"Was ist eine L\u00fcftungsdecke und wie funktioniert sie?\",\r\n      \"acceptedAnswer\": {\r\n        \"@type\": \"Answer\",\r\n        \"text\": \"Eine L\u00fcftungsdecke ist eine geschlossene Zwischendecke in gewerblichen K\u00fcchen, in die Zuluft- und Abluftmodule sowie Beleuchtung integriert sind. Sie erstreckt sich \u00fcber den gesamten K\u00fcchenbereich und sorgt dadurch f\u00fcr eine gleichm\u00e4\u00dfige und gro\u00dffl\u00e4chige Erfassung der Schwaden und Wrasen. Anders als bei Einzelhauben wird die Abluft nicht punktuell, sondern \u00fcber die komplette Deckenfl\u00e4che abgesaugt \u2013 das erm\u00f6glicht eine flexiblere Anordnung der Kochstellen und eine gleichm\u00e4\u00dfigere Luftverteilung im Raum.\"\r\n      }\r\n    },\r\n    {\r\n      \"@type\": \"Question\",\r\n      \"name\": \"Wann ist eine L\u00fcftungsdecke besser als eine K\u00fcchenhaube?\",\r\n      \"acceptedAnswer\": {\r\n        \"@type\": \"Answer\",\r\n        \"text\": \"Eine L\u00fcftungsdecke ist immer dann die bessere L\u00f6sung, wenn die K\u00fcchenfl\u00e4che gro\u00df ist, mehrere Kochstellen flexibel angeordnet werden sollen oder die Kochstellen sich sp\u00e4ter noch \u00e4ndern k\u00f6nnten. Auch bei offenen Showk\u00fcchen oder repr\u00e4sentativen Hotelk\u00fcchen sind L\u00fcftungsdecken die bevorzugte Wahl, da sie ein einheitliches und hochwertiges Erscheinungsbild bieten. Bei einzelnen Kochstellen oder kleinen K\u00fcchen sind dagegen K\u00fcchenhauben meist die wirtschaftlichere Option.\"\r\n      }\r\n    },\r\n    {\r\n      \"@type\": \"Question\",\r\n      \"name\": \"Welche Vorteile bietet eine REVEN L\u00fcftungsdecke?\",\r\n      \"acceptedAnswer\": {\r\n        \"@type\": \"Answer\",\r\n        \"text\": \"REVEN L\u00fcftungsdecken vereinen mehrere Funktionen in einer integrierten L\u00f6sung. Sie kombinieren Zuluft, Abluft und Beleuchtung in einer geschlossenen Decke und bieten dadurch eine hohe Designfreiheit. Die patentierte X-CYCLONE\u00ae Technologie sorgt f\u00fcr eine zuverl\u00e4ssige Aerosolabscheidung, die Funktion ist nach DIN EN 16282 wissenschaftlich nachgewiesen. Zudem sind die Decken einfach zu reinigen, langlebig und auf den professionellen Dauerbetrieb in der Gastronomie ausgelegt.\"\r\n      }\r\n    },\r\n    {\r\n      \"@type\": \"Question\",\r\n      \"name\": \"Lassen sich REVEN L\u00fcftungsdecken individuell anpassen?\",\r\n      \"acceptedAnswer\": {\r\n        \"@type\": \"Answer\",\r\n        \"text\": \"Ja, REVEN L\u00fcftungsdecken werden f\u00fcr jedes Projekt individuell geplant und gefertigt. Gr\u00f6\u00dfe, Form und Modulanordnung werden an die r\u00e4umlichen Gegebenheiten und an die geplanten Kochzonen angepasst. Auch optische Aspekte wie Materialwahl, Beleuchtung und Designelemente werden auf das Konzept der K\u00fcche abgestimmt. Damit eignen sich unsere L\u00fcftungsdecken sowohl f\u00fcr funktionale Gro\u00dfk\u00fcchen als auch f\u00fcr anspruchsvolle Hotel- und Showk\u00fcchen.\"\r\n      }\r\n    },\r\n    {\r\n      \"@type\": \"Question\",\r\n      \"name\": \"Wie wird eine L\u00fcftungsdecke gereinigt?\",\r\n      \"acceptedAnswer\": {\r\n        \"@type\": \"Answer\",\r\n        \"text\": \"L\u00fcftungsdecken sind so konstruiert, dass sie einfach und hygienisch zu reinigen sind. Die einzelnen Abscheideelemente lassen sich entnehmen und in der Regel auch in der Sp\u00fclmaschine reinigen. Die geschlossene Deckenkonstruktion verhindert, dass Fett und Schmutz in die Zwischendecke gelangen, was den Reinigungsaufwand gegen\u00fcber offenen Konstruktionen deutlich reduziert. Bei L\u00fcftungsdecken mit integriertem REVEX\u00ae Spr\u00fchsystem erfolgt die Reinigung sogar vollautomatisch.\"\r\n      }\r\n    }\r\n  ]\r\n}\r\n<\/script>\n<p>[\/et_pb_text][\/et_pb_column][\/et_pb_row][\/et_pb_section]<\/p>\n","protected":false},"excerpt":{"rendered":"<p>X-CYCLONE\u00ae Ventilation Ceilings Kitchen ventilation ceilings for the catering trade and the food industry Our multi-functional ventilation ceilings are made of stainless steel and extend from wall to wall. They are designed and manufactured according to your site conditions. Thanks to the REVEN\u00ae control technology, the supply and exhaust airflow rates can be adjusted individually [&hellip;]<\/p>\n","protected":false},"author":2,"featured_media":0,"parent":10159,"menu_order":0,"comment_status":"closed","ping_status":"closed","template":"","meta":{"_et_pb_use_builder":"on","_et_pb_old_content":"","_et_gb_content_width":"","inline_featured_image":false,"footnotes":""},"class_list":["post-10104","page","type-page","status-publish","hentry"],"yoast_head":"<!-- This site is optimized with the Yoast SEO Premium plugin v28.4 (Yoast SEO v28.4) - https:\/\/yoast.com\/product\/yoast-seo-premium-wordpress\/ -->\n<title>X-CYCLONE\u00ae kitchen ventilation ceilings | REVEN<\/title>\n<meta name=\"description\" content=\"Enclosed cassette ceilings with integrated supply air, exhaust air and lighting. X-CYCLONE\u00ae 99.999 %, easy to clean, made in Germany.\" \/>\n<meta name=\"robots\" content=\"index, follow, max-snippet:-1, max-image-preview:large, max-video-preview:-1\" \/>\n<link rel=\"canonical\" href=\"https:\/\/www.reven.de\/en\/sector-specific-solutions\/kitchen-ventilation-and-food-industry\/ventilation-ceilings\/\" \/>\n<meta property=\"og:locale\" content=\"en_GB\" \/>\n<meta property=\"og:type\" content=\"article\" \/>\n<meta property=\"og:title\" content=\"Ventilation Ceilings\" \/>\n<meta property=\"og:url\" content=\"https:\/\/www.reven.de\/en\/sector-specific-solutions\/kitchen-ventilation-and-food-industry\/ventilation-ceilings\/\" \/>\n<meta property=\"og:site_name\" content=\"REVEN\" \/>\n<meta property=\"article:modified_time\" content=\"2026-08-20T09:41:02+00:00\" \/>\n<meta property=\"og:image\" content=\"https:\/\/www.reven.de\/wp-content\/uploads\/2023\/02\/REVEN-Luftreiniger.jpeg\" \/>\n\t<meta property=\"og:image:width\" content=\"1200\" \/>\n\t<meta property=\"og:image:height\" content=\"675\" \/>\n\t<meta property=\"og:image:type\" content=\"image\/jpeg\" \/>\n<meta name=\"twitter:card\" content=\"summary_large_image\" \/>\n<script type=\"application\/ld+json\" class=\"yoast-schema-graph\">{\"@context\":\"https:\\\/\\\/schema.org\",\"@graph\":[{\"@type\":\"WebPage\",\"@id\":\"https:\\\/\\\/www.reven.de\\\/en\\\/sector-specific-solutions\\\/kitchen-ventilation-and-food-industry\\\/ventilation-ceilings\\\/\",\"url\":\"https:\\\/\\\/www.reven.de\\\/en\\\/sector-specific-solutions\\\/kitchen-ventilation-and-food-industry\\\/ventilation-ceilings\\\/\",\"name\":\"X-CYCLONE\u00ae kitchen ventilation ceilings | REVEN\",\"isPartOf\":{\"@id\":\"https:\\\/\\\/www.reven.de\\\/en\\\/#website\"},\"datePublished\":\"2020-10-16T07:17:30+00:00\",\"dateModified\":\"2026-08-20T09:41:02+00:00\",\"description\":\"Enclosed cassette ceilings with integrated supply air, exhaust air and lighting. X-CYCLONE\u00ae 99.999 %, easy to clean, made in Germany.\",\"breadcrumb\":{\"@id\":\"https:\\\/\\\/www.reven.de\\\/en\\\/sector-specific-solutions\\\/kitchen-ventilation-and-food-industry\\\/ventilation-ceilings\\\/#breadcrumb\"},\"inLanguage\":\"en-GB\",\"potentialAction\":[{\"@type\":\"ReadAction\",\"target\":[\"https:\\\/\\\/www.reven.de\\\/en\\\/sector-specific-solutions\\\/kitchen-ventilation-and-food-industry\\\/ventilation-ceilings\\\/\"]}]},{\"@type\":\"BreadcrumbList\",\"@id\":\"https:\\\/\\\/www.reven.de\\\/en\\\/sector-specific-solutions\\\/kitchen-ventilation-and-food-industry\\\/ventilation-ceilings\\\/#breadcrumb\",\"itemListElement\":[{\"@type\":\"ListItem\",\"position\":1,\"name\":\"Home\",\"item\":\"https:\\\/\\\/www.reven.de\\\/en\\\/\"},{\"@type\":\"ListItem\",\"position\":2,\"name\":\"Sectors &#038; Solutions\",\"item\":\"https:\\\/\\\/www.reven.de\\\/en\\\/sector-specific-solutions\\\/\"},{\"@type\":\"ListItem\",\"position\":3,\"name\":\"Kitchen Ventilation and Food Industry\",\"item\":\"https:\\\/\\\/www.reven.de\\\/en\\\/sector-specific-solutions\\\/kitchen-ventilation-and-food-industry\\\/\"},{\"@type\":\"ListItem\",\"position\":4,\"name\":\"Ventilation Ceilings\"}]},{\"@type\":\"WebSite\",\"@id\":\"https:\\\/\\\/www.reven.de\\\/en\\\/#website\",\"url\":\"https:\\\/\\\/www.reven.de\\\/en\\\/\",\"name\":\"REVEN\",\"description\":\"Pure competence in air!\",\"potentialAction\":[{\"@type\":\"SearchAction\",\"target\":{\"@type\":\"EntryPoint\",\"urlTemplate\":\"https:\\\/\\\/www.reven.de\\\/en\\\/?s={search_term_string}\"},\"query-input\":{\"@type\":\"PropertyValueSpecification\",\"valueRequired\":true,\"valueName\":\"search_term_string\"}}],\"inLanguage\":\"en-GB\"}]}<\/script>\n<!-- \/ Yoast SEO Premium plugin. -->","yoast_head_json":{"title":"X-CYCLONE\u00ae kitchen ventilation ceilings | REVEN","description":"Enclosed cassette ceilings with integrated supply air, exhaust air and lighting. X-CYCLONE\u00ae 99.999 %, easy to clean, made in Germany.","robots":{"index":"index","follow":"follow","max-snippet":"max-snippet:-1","max-image-preview":"max-image-preview:large","max-video-preview":"max-video-preview:-1"},"canonical":"https:\/\/www.reven.de\/en\/sector-specific-solutions\/kitchen-ventilation-and-food-industry\/ventilation-ceilings\/","og_locale":"en_GB","og_type":"article","og_title":"Ventilation Ceilings","og_url":"https:\/\/www.reven.de\/en\/sector-specific-solutions\/kitchen-ventilation-and-food-industry\/ventilation-ceilings\/","og_site_name":"REVEN","article_modified_time":"2026-08-20T09:41:02+00:00","og_image":[{"width":1200,"height":675,"url":"https:\/\/www.reven.de\/wp-content\/uploads\/2023\/02\/REVEN-Luftreiniger.jpeg","type":"image\/jpeg"}],"twitter_card":"summary_large_image","schema":{"@context":"https:\/\/schema.org","@graph":[{"@type":"WebPage","@id":"https:\/\/www.reven.de\/en\/sector-specific-solutions\/kitchen-ventilation-and-food-industry\/ventilation-ceilings\/","url":"https:\/\/www.reven.de\/en\/sector-specific-solutions\/kitchen-ventilation-and-food-industry\/ventilation-ceilings\/","name":"X-CYCLONE\u00ae kitchen ventilation ceilings | REVEN","isPartOf":{"@id":"https:\/\/www.reven.de\/en\/#website"},"datePublished":"2020-10-16T07:17:30+00:00","dateModified":"2026-08-20T09:41:02+00:00","description":"Enclosed cassette ceilings with integrated supply air, exhaust air and lighting. X-CYCLONE\u00ae 99.999 %, easy to clean, made in Germany.","breadcrumb":{"@id":"https:\/\/www.reven.de\/en\/sector-specific-solutions\/kitchen-ventilation-and-food-industry\/ventilation-ceilings\/#breadcrumb"},"inLanguage":"en-GB","potentialAction":[{"@type":"ReadAction","target":["https:\/\/www.reven.de\/en\/sector-specific-solutions\/kitchen-ventilation-and-food-industry\/ventilation-ceilings\/"]}]},{"@type":"BreadcrumbList","@id":"https:\/\/www.reven.de\/en\/sector-specific-solutions\/kitchen-ventilation-and-food-industry\/ventilation-ceilings\/#breadcrumb","itemListElement":[{"@type":"ListItem","position":1,"name":"Home","item":"https:\/\/www.reven.de\/en\/"},{"@type":"ListItem","position":2,"name":"Sectors &#038; Solutions","item":"https:\/\/www.reven.de\/en\/sector-specific-solutions\/"},{"@type":"ListItem","position":3,"name":"Kitchen Ventilation and Food Industry","item":"https:\/\/www.reven.de\/en\/sector-specific-solutions\/kitchen-ventilation-and-food-industry\/"},{"@type":"ListItem","position":4,"name":"Ventilation Ceilings"}]},{"@type":"WebSite","@id":"https:\/\/www.reven.de\/en\/#website","url":"https:\/\/www.reven.de\/en\/","name":"REVEN","description":"Pure competence in air!","potentialAction":[{"@type":"SearchAction","target":{"@type":"EntryPoint","urlTemplate":"https:\/\/www.reven.de\/en\/?s={search_term_string}"},"query-input":{"@type":"PropertyValueSpecification","valueRequired":true,"valueName":"search_term_string"}}],"inLanguage":"en-GB"}]}},"jetpack_sharing_enabled":true,"_links":{"self":[{"href":"https:\/\/www.reven.de\/en\/wp-json\/wp\/v2\/pages\/10104","targetHints":{"allow":["GET"]}}],"collection":[{"href":"https:\/\/www.reven.de\/en\/wp-json\/wp\/v2\/pages"}],"about":[{"href":"https:\/\/www.reven.de\/en\/wp-json\/wp\/v2\/types\/page"}],"author":[{"embeddable":true,"href":"https:\/\/www.reven.de\/en\/wp-json\/wp\/v2\/users\/2"}],"replies":[{"embeddable":true,"href":"https:\/\/www.reven.de\/en\/wp-json\/wp\/v2\/comments?post=10104"}],"version-history":[{"count":10,"href":"https:\/\/www.reven.de\/en\/wp-json\/wp\/v2\/pages\/10104\/revisions"}],"predecessor-version":[{"id":22798,"href":"https:\/\/www.reven.de\/en\/wp-json\/wp\/v2\/pages\/10104\/revisions\/22798"}],"up":[{"embeddable":true,"href":"https:\/\/www.reven.de\/en\/wp-json\/wp\/v2\/pages\/10159"}],"wp:attachment":[{"href":"https:\/\/www.reven.de\/en\/wp-json\/wp\/v2\/media?parent=10104"}],"curies":[{"name":"wp","href":"https:\/\/api.w.org\/{rel}","templated":true}]}}